{"id":6,"date":"2026-04-07T08:26:08","date_gmt":"2026-04-07T08:26:08","guid":{"rendered":"https:\/\/video.zapad.tv\/index.php\/videi\/"},"modified":"2026-04-13T22:41:44","modified_gmt":"2026-04-13T20:41:44","slug":"videi","status":"publish","type":"page","link":"https:\/\/video.zapad.tv\/","title":{"rendered":""},"content":{"rendered":"<div class=\"vm-cinema-page\"><script>var vmData={\"745\":{\"views\":0,\"video_url\":\"https:\\\/\\\/video.zapad.tv\\\/wp-content\\\/uploads\\\/2026\\\/07\\\/Televizija-Zapad-Zapadna-strana-Martina-Tuschl-24.02.2026.mp4\"},\"742\":{\"views\":0,\"video_url\":\"https:\\\/\\\/video.zapad.tv\\\/wp-content\\\/uploads\\\/2026\\\/07\\\/Vito-Kosar-gostovao-u-studiju-Tv-Zapad.mp4\"},\"739\":{\"views\":0,\"video_url\":\"https:\\\/\\\/video.zapad.tv\\\/wp-content\\\/uploads\\\/2026\\\/07\\\/Televizija-Zapad-Zapadna-strana-Lorena-Zanko-19.02.2026.mp4\"},\"736\":{\"views\":0,\"video_url\":\"https:\\\/\\\/video.zapad.tv\\\/wp-content\\\/uploads\\\/2026\\\/07\\\/Televizija-Zapad-Zapadna-strana-Vito-Kosar-19.02.2026.mp4\"},\"733\":{\"views\":0,\"video_url\":\"https:\\\/\\\/video.zapad.tv\\\/wp-content\\\/uploads\\\/2026\\\/07\\\/Televizija-Zapad-Zapadna-strana-Mama-SC-12.02.2026.mp4\"},\"730\":{\"views\":0,\"video_url\":\"https:\\\/\\\/video.zapad.tv\\\/wp-content\\\/uploads\\\/2026\\\/07\\\/Uruceno-priznanje-Denisu-Spoljaricu.mp4\"},\"727\":{\"views\":0,\"video_url\":\"https:\\\/\\\/video.zapad.tv\\\/wp-content\\\/uploads\\\/2026\\\/07\\\/Televizija-Zapad-Zapadna-strana-Projekt-_U-zagrljaju-zajednice_-06.02.2026-1.mp4\"},\"724\":{\"views\":0,\"video_url\":\"https:\\\/\\\/video.zapad.tv\\\/wp-content\\\/uploads\\\/2026\\\/07\\\/Televizija-Zapad-Zapadna-strana-Projekt-_U-zagrljaju-zajednice_-06.02.2026.mp4\"},\"721\":{\"views\":0,\"video_url\":\"https:\\\/\\\/video.zapad.tv\\\/wp-content\\\/uploads\\\/2026\\\/07\\\/Gradonacelnik-Zeljko-Turk-o-planovima-za-2026.mp4\"},\"718\":{\"views\":0,\"video_url\":\"https:\\\/\\\/video.zapad.tv\\\/wp-content\\\/uploads\\\/2026\\\/07\\\/Zapresicki-umirovljenici-tradicionalno-docekali-Novu.mp4\"},\"715\":{\"views\":0,\"video_url\":\"https:\\\/\\\/video.zapad.tv\\\/wp-content\\\/uploads\\\/2026\\\/07\\\/Skupna-izlozba-\\u201eRezonantne-strukture-1.mp4\"},\"712\":{\"views\":0,\"video_url\":\"https:\\\/\\\/video.zapad.tv\\\/wp-content\\\/uploads\\\/2026\\\/07\\\/Projekt-gradskog-bazena-u-Zapresicu.mp4\"},\"709\":{\"views\":0,\"video_url\":\"https:\\\/\\\/video.zapad.tv\\\/wp-content\\\/uploads\\\/2026\\\/07\\\/Novi-objekt-povrsine-preko-500-kvadrata.mp4\"},\"706\":{\"views\":0,\"video_url\":\"https:\\\/\\\/video.zapad.tv\\\/wp-content\\\/uploads\\\/2026\\\/07\\\/Televizija-Zapad-Okom-objektiva-Izlozba-idejnih-rjesenja-za-gradske-bazene-u-Zapresicu-27.01.2026.mp4\"},\"703\":{\"views\":0,\"video_url\":\"https:\\\/\\\/video.zapad.tv\\\/wp-content\\\/uploads\\\/2026\\\/07\\\/Zagrebacka-zupanija-financirala-obnovu-suda-u-Zapresicu.mp4\"},\"700\":{\"views\":0,\"video_url\":\"https:\\\/\\\/video.zapad.tv\\\/wp-content\\\/uploads\\\/2026\\\/07\\\/Televizija-Zapad-Okom-objektiva-Otvorenje-obnovljene-zgrade-javne-namjene-u-Zapresicu-22.01.2026.mp4\"},\"697\":{\"views\":0,\"video_url\":\"https:\\\/\\\/video.zapad.tv\\\/wp-content\\\/uploads\\\/2026\\\/07\\\/Ministar-Bozinovic-o-valu-internetskog-kriminala.mp4\"},\"694\":{\"views\":0,\"video_url\":\"https:\\\/\\\/video.zapad.tv\\\/wp-content\\\/uploads\\\/2026\\\/07\\\/Zeljko-Turk-o-povijesti-suda-u-Zapresicu.mp4\"},\"691\":{\"views\":0,\"video_url\":\"https:\\\/\\\/video.zapad.tv\\\/wp-content\\\/uploads\\\/2026\\\/07\\\/Televizija-Zapad-Zapadna-strana-Kajkavska-vecer-u-Zapresicu-21.01.2026.mp4\"},\"688\":{\"views\":0,\"video_url\":\"https:\\\/\\\/video.zapad.tv\\\/wp-content\\\/uploads\\\/2026\\\/07\\\/Vencek-kaja-zapresickog-kraja.mp4\"}};var vmAjaxUrl=\"https:\/\/video.zapad.tv\/wp-admin\/admin-ajax.php\";<\/script><header class=\"vm-hero\">\n        <div class=\"vm-hero-inner\">\n            <div>\n                <div class=\"vm-eyebrow\">Video arhiva<\/div>\n                <h1 class=\"vm-hero-title\">Video<br><em>Klipovi<\/em><\/h1>\n            <\/div>\n            <div class=\"vm-hero-meta\">\n                <span class=\"vm-hero-count\">235<\/span>\n                <span class=\"vm-hero-count-label\">Objavljena videa<\/span>\n            <\/div>\n        <\/div>\n    <\/header><div class=\"vm-search-bar\">\n        <div class=\"vm-search-inner\">\n            <form class=\"vm-search-form\" action=\"\/index.php\/wp-json\/wp\/v2\/pages\/6\" method=\"get\">\n                <div class=\"vm-search-wrap\">\n                    <svg class=\"vm-search-icon\" viewBox=\"0 0 20 20\" fill=\"none\" stroke=\"currentColor\" stroke-width=\"1.5\"><circle cx=\"8.5\" cy=\"8.5\" r=\"5.5\"\/><path d=\"M15 15l-3-3\" stroke-linecap=\"round\"\/><\/svg>\n                    <input type=\"text\" name=\"vs\" class=\"vm-search-input\" placeholder=\"Pretra\u017ei videe...\" value=\"\">\n                    \n                <\/div>\n            <\/form>\n            <div class=\"vm-cat-filters\"><a href=\"\/index.php\/wp-json\/wp\/v2\/pages\/6\" class=\"vm-cat-btn active\">Svi<\/a><a href=\"\/index.php\/wp-json\/wp\/v2\/pages\/6?vc=6&#038;vpage=1\" class=\"vm-cat-btn\">GRAD ZAPRE\u0160I\u0106<\/a><\/div>\n        <\/div>\n    <\/div><div class=\"vm-content\"><div class=\"vm-featured-card\" data-post-id=\"745\" data-video=\"https:\/\/video.zapad.tv\/wp-content\/uploads\/2026\/07\/Televizija-Zapad-Zapadna-strana-Martina-Tuschl-24.02.2026.mp4\"><img fetchpriority=\"high\" decoding=\"async\" width=\"640\" height=\"360\" src=\"https:\/\/video.zapad.tv\/wp-content\/uploads\/2026\/07\/vm-thumb-745-1785234345.jpg\" class=\"vm-featured-bg wp-post-image\" alt=\"\" srcset=\"https:\/\/video.zapad.tv\/wp-content\/uploads\/2026\/07\/vm-thumb-745-1785234345.jpg 640w, https:\/\/video.zapad.tv\/wp-content\/uploads\/2026\/07\/vm-thumb-745-1785234345-300x169.jpg 300w\" sizes=\"(max-width: 640px) 100vw, 640px\" \/><div class=\"vm-featured-info\">\n                <div class=\"vm-featured-label\"><span class=\"vm-feat-cat\">GRAD ZAPRE\u0160I\u0106<\/span> \u00b7 Istaknuti video<\/div>\n                <h2 class=\"vm-featured-title\">Televizija Zapad &#8211; Zapadna strana &#8211; Martina Tuschl 24.02.2026.<\/h2>\n                <div class=\"vm-featured-meta\">\n                    <span class=\"vm-featured-date\">28.07.2026<\/span>\n                    <span class=\"vm-featured-views\">0 pregleda<\/span>\n                    <button class=\"vm-featured-play\" type=\"button\">\n                        <svg class=\"vm-play-icon-svg\" viewBox=\"0 0 10 12\"><polygon points=\"0,0 10,6 0,12\"\/><\/svg>\n                        Reproduciraj                    <\/button>\n                <\/div>\n            <\/div><\/div><div class=\"vm-section-header\">\n            <h2 class=\"vm-section-title\">Svi klipovi<\/h2>\n            <div class=\"vm-section-line\"><\/div>\n            <span class=\"vm-section-num\">235 videa<\/span>\n        <\/div><div class=\"vm-frontend-grid\" style=\"--vm-cols:4;\"><div class=\"vm-video-card\" data-post-id=\"745\" data-video=\"https:\/\/video.zapad.tv\/wp-content\/uploads\/2026\/07\/Televizija-Zapad-Zapadna-strana-Martina-Tuschl-24.02.2026.mp4\" tabindex=\"0\" role=\"button\">\n                <div class=\"vm-thumb-wrap\"><img decoding=\"async\" width=\"300\" height=\"169\" src=\"https:\/\/video.zapad.tv\/wp-content\/uploads\/2026\/07\/vm-thumb-745-1785234345-300x169.jpg\" class=\"vm-thumb-img wp-post-image\" alt=\"\" srcset=\"https:\/\/video.zapad.tv\/wp-content\/uploads\/2026\/07\/vm-thumb-745-1785234345-300x169.jpg 300w, https:\/\/video.zapad.tv\/wp-content\/uploads\/2026\/07\/vm-thumb-745-1785234345.jpg 640w\" sizes=\"(max-width: 300px) 100vw, 300px\" \/><div class=\"vm-hover-preview\" data-src=\"https:\/\/video.zapad.tv\/wp-content\/uploads\/2026\/07\/Televizija-Zapad-Zapadna-strana-Martina-Tuschl-24.02.2026.mp4\">\n                    <video class=\"vm-hover-video\" muted playsinline preload=\"none\"><\/video>\n                  <\/div><div class=\"vm-play-overlay\"><div class=\"vm-play-btn\"><div class=\"vm-play-triangle\"><\/div><\/div><\/div><\/div>\n                <div class=\"vm-card-info\">\n                    <div class=\"vm-card-meta-top\">\n                        <span class=\"vm-card-date\" title=\"28.07.2026\">28.07.2026<\/span>\n                        <span class=\"vm-view-count\" data-id=\"745\">0<\/span>\n                    <\/div>\n                    <h3 class=\"vm-card-title\">Televizija Zapad &#8211; Zapadna strana &#8211; Martina Tuschl 24.02.2026.<\/h3>\n                    <span class=\"vm-card-cat\">GRAD ZAPRE\u0160I\u0106<\/span>\n                <\/div>\n            <\/div><div class=\"vm-video-card\" data-post-id=\"742\" data-video=\"https:\/\/video.zapad.tv\/wp-content\/uploads\/2026\/07\/Vito-Kosar-gostovao-u-studiju-Tv-Zapad.mp4\" tabindex=\"0\" role=\"button\">\n                <div class=\"vm-thumb-wrap\"><img decoding=\"async\" width=\"300\" height=\"169\" src=\"https:\/\/video.zapad.tv\/wp-content\/uploads\/2026\/07\/vm-thumb-742-1785234282-300x169.jpg\" class=\"vm-thumb-img wp-post-image\" alt=\"\" srcset=\"https:\/\/video.zapad.tv\/wp-content\/uploads\/2026\/07\/vm-thumb-742-1785234282-300x169.jpg 300w, https:\/\/video.zapad.tv\/wp-content\/uploads\/2026\/07\/vm-thumb-742-1785234282.jpg 640w\" sizes=\"(max-width: 300px) 100vw, 300px\" \/><div class=\"vm-hover-preview\" data-src=\"https:\/\/video.zapad.tv\/wp-content\/uploads\/2026\/07\/Vito-Kosar-gostovao-u-studiju-Tv-Zapad.mp4\">\n                    <video class=\"vm-hover-video\" muted playsinline preload=\"none\"><\/video>\n                  <\/div><div class=\"vm-play-overlay\"><div class=\"vm-play-btn\"><div class=\"vm-play-triangle\"><\/div><\/div><\/div><\/div>\n                <div class=\"vm-card-info\">\n                    <div class=\"vm-card-meta-top\">\n                        <span class=\"vm-card-date\" title=\"28.07.2026\">28.07.2026<\/span>\n                        <span class=\"vm-view-count\" data-id=\"742\">0<\/span>\n                    <\/div>\n                    <h3 class=\"vm-card-title\">Vito Ko\u0161ar gostovao u studiju Tv Zapad<\/h3>\n                    <span class=\"vm-card-cat\">GRAD ZAPRE\u0160I\u0106<\/span>\n                <\/div>\n            <\/div><div class=\"vm-video-card\" data-post-id=\"739\" data-video=\"https:\/\/video.zapad.tv\/wp-content\/uploads\/2026\/07\/Televizija-Zapad-Zapadna-strana-Lorena-Zanko-19.02.2026.mp4\" tabindex=\"0\" role=\"button\">\n                <div class=\"vm-thumb-wrap\"><img loading=\"lazy\" decoding=\"async\" width=\"300\" height=\"169\" src=\"https:\/\/video.zapad.tv\/wp-content\/uploads\/2026\/07\/vm-thumb-739-1785234143-300x169.jpg\" class=\"vm-thumb-img wp-post-image\" alt=\"\" srcset=\"https:\/\/video.zapad.tv\/wp-content\/uploads\/2026\/07\/vm-thumb-739-1785234143-300x169.jpg 300w, https:\/\/video.zapad.tv\/wp-content\/uploads\/2026\/07\/vm-thumb-739-1785234143.jpg 640w\" sizes=\"(max-width: 300px) 100vw, 300px\" \/><div class=\"vm-hover-preview\" data-src=\"https:\/\/video.zapad.tv\/wp-content\/uploads\/2026\/07\/Televizija-Zapad-Zapadna-strana-Lorena-Zanko-19.02.2026.mp4\">\n                    <video class=\"vm-hover-video\" muted playsinline preload=\"none\"><\/video>\n                  <\/div><div class=\"vm-play-overlay\"><div class=\"vm-play-btn\"><div class=\"vm-play-triangle\"><\/div><\/div><\/div><\/div>\n                <div class=\"vm-card-info\">\n                    <div class=\"vm-card-meta-top\">\n                        <span class=\"vm-card-date\" title=\"28.07.2026\">28.07.2026<\/span>\n                        <span class=\"vm-view-count\" data-id=\"739\">0<\/span>\n                    <\/div>\n                    <h3 class=\"vm-card-title\">Televizija Zapad &#8211; Zapadna strana &#8211; Lorena \u017danko 19.02.2026.<\/h3>\n                    <span class=\"vm-card-cat\">GRAD ZAPRE\u0160I\u0106<\/span>\n                <\/div>\n            <\/div><div class=\"vm-video-card\" data-post-id=\"736\" data-video=\"https:\/\/video.zapad.tv\/wp-content\/uploads\/2026\/07\/Televizija-Zapad-Zapadna-strana-Vito-Kosar-19.02.2026.mp4\" tabindex=\"0\" role=\"button\">\n                <div class=\"vm-thumb-wrap\"><img loading=\"lazy\" decoding=\"async\" width=\"300\" height=\"169\" src=\"https:\/\/video.zapad.tv\/wp-content\/uploads\/2026\/07\/vm-thumb-736-1785233874-300x169.jpg\" class=\"vm-thumb-img wp-post-image\" alt=\"\" srcset=\"https:\/\/video.zapad.tv\/wp-content\/uploads\/2026\/07\/vm-thumb-736-1785233874-300x169.jpg 300w, https:\/\/video.zapad.tv\/wp-content\/uploads\/2026\/07\/vm-thumb-736-1785233874.jpg 640w\" sizes=\"(max-width: 300px) 100vw, 300px\" \/><div class=\"vm-hover-preview\" data-src=\"https:\/\/video.zapad.tv\/wp-content\/uploads\/2026\/07\/Televizija-Zapad-Zapadna-strana-Vito-Kosar-19.02.2026.mp4\">\n                    <video class=\"vm-hover-video\" muted playsinline preload=\"none\"><\/video>\n                  <\/div><div class=\"vm-play-overlay\"><div class=\"vm-play-btn\"><div class=\"vm-play-triangle\"><\/div><\/div><\/div><\/div>\n                <div class=\"vm-card-info\">\n                    <div class=\"vm-card-meta-top\">\n                        <span class=\"vm-card-date\" title=\"28.07.2026\">28.07.2026<\/span>\n                        <span class=\"vm-view-count\" data-id=\"736\">0<\/span>\n                    <\/div>\n                    <h3 class=\"vm-card-title\">Televizija Zapad &#8211; Zapadna strana &#8211; Vito Ko\u0161ar 19.02.2026.<\/h3>\n                    <span class=\"vm-card-cat\">GRAD ZAPRE\u0160I\u0106<\/span>\n                <\/div>\n            <\/div><div class=\"vm-video-card\" data-post-id=\"733\" data-video=\"https:\/\/video.zapad.tv\/wp-content\/uploads\/2026\/07\/Televizija-Zapad-Zapadna-strana-Mama-SC-12.02.2026.mp4\" tabindex=\"0\" role=\"button\">\n                <div class=\"vm-thumb-wrap\"><img loading=\"lazy\" decoding=\"async\" width=\"300\" height=\"169\" src=\"https:\/\/video.zapad.tv\/wp-content\/uploads\/2026\/07\/vm-thumb-733-1785233791-300x169.jpg\" class=\"vm-thumb-img wp-post-image\" alt=\"\" srcset=\"https:\/\/video.zapad.tv\/wp-content\/uploads\/2026\/07\/vm-thumb-733-1785233791-300x169.jpg 300w, https:\/\/video.zapad.tv\/wp-content\/uploads\/2026\/07\/vm-thumb-733-1785233791.jpg 640w\" sizes=\"(max-width: 300px) 100vw, 300px\" \/><div class=\"vm-hover-preview\" data-src=\"https:\/\/video.zapad.tv\/wp-content\/uploads\/2026\/07\/Televizija-Zapad-Zapadna-strana-Mama-SC-12.02.2026.mp4\">\n                    <video class=\"vm-hover-video\" muted playsinline preload=\"none\"><\/video>\n                  <\/div><div class=\"vm-play-overlay\"><div class=\"vm-play-btn\"><div class=\"vm-play-triangle\"><\/div><\/div><\/div><\/div>\n                <div class=\"vm-card-info\">\n                    <div class=\"vm-card-meta-top\">\n                        <span class=\"vm-card-date\" title=\"28.07.2026\">28.07.2026<\/span>\n                        <span class=\"vm-view-count\" data-id=\"733\">0<\/span>\n                    <\/div>\n                    <h3 class=\"vm-card-title\">Televizija Zapad &#8211; Zapadna strana &#8211; Mama \u0160\u010c 12.02.2026.<\/h3>\n                    <span class=\"vm-card-cat\">GRAD ZAPRE\u0160I\u0106<\/span>\n                <\/div>\n            <\/div><div class=\"vm-video-card\" data-post-id=\"730\" data-video=\"https:\/\/video.zapad.tv\/wp-content\/uploads\/2026\/07\/Uruceno-priznanje-Denisu-Spoljaricu.mp4\" tabindex=\"0\" role=\"button\">\n                <div class=\"vm-thumb-wrap\"><img loading=\"lazy\" decoding=\"async\" width=\"300\" height=\"169\" src=\"https:\/\/video.zapad.tv\/wp-content\/uploads\/2026\/07\/vm-thumb-730-1785232634-300x169.jpg\" class=\"vm-thumb-img wp-post-image\" alt=\"\" srcset=\"https:\/\/video.zapad.tv\/wp-content\/uploads\/2026\/07\/vm-thumb-730-1785232634-300x169.jpg 300w, https:\/\/video.zapad.tv\/wp-content\/uploads\/2026\/07\/vm-thumb-730-1785232634.jpg 640w\" sizes=\"(max-width: 300px) 100vw, 300px\" \/><div class=\"vm-hover-preview\" data-src=\"https:\/\/video.zapad.tv\/wp-content\/uploads\/2026\/07\/Uruceno-priznanje-Denisu-Spoljaricu.mp4\">\n                    <video class=\"vm-hover-video\" muted playsinline preload=\"none\"><\/video>\n                  <\/div><div class=\"vm-play-overlay\"><div class=\"vm-play-btn\"><div class=\"vm-play-triangle\"><\/div><\/div><\/div><\/div>\n                <div class=\"vm-card-info\">\n                    <div class=\"vm-card-meta-top\">\n                        <span class=\"vm-card-date\" title=\"28.07.2026\">28.07.2026<\/span>\n                        <span class=\"vm-view-count\" data-id=\"730\">0<\/span>\n                    <\/div>\n                    <h3 class=\"vm-card-title\">Uru\u010deno priznanje Denisu \u0160poljari\u0107u<\/h3>\n                    <span class=\"vm-card-cat\">GRAD ZAPRE\u0160I\u0106<\/span>\n                <\/div>\n            <\/div><div class=\"vm-video-card\" data-post-id=\"727\" data-video=\"https:\/\/video.zapad.tv\/wp-content\/uploads\/2026\/07\/Televizija-Zapad-Zapadna-strana-Projekt-_U-zagrljaju-zajednice_-06.02.2026-1.mp4\" tabindex=\"0\" role=\"button\">\n                <div class=\"vm-thumb-wrap\"><img loading=\"lazy\" decoding=\"async\" width=\"300\" height=\"169\" src=\"https:\/\/video.zapad.tv\/wp-content\/uploads\/2026\/07\/vm-thumb-727-1785232590-300x169.jpg\" class=\"vm-thumb-img wp-post-image\" alt=\"\" srcset=\"https:\/\/video.zapad.tv\/wp-content\/uploads\/2026\/07\/vm-thumb-727-1785232590-300x169.jpg 300w, https:\/\/video.zapad.tv\/wp-content\/uploads\/2026\/07\/vm-thumb-727-1785232590.jpg 640w\" sizes=\"(max-width: 300px) 100vw, 300px\" \/><div class=\"vm-hover-preview\" data-src=\"https:\/\/video.zapad.tv\/wp-content\/uploads\/2026\/07\/Televizija-Zapad-Zapadna-strana-Projekt-_U-zagrljaju-zajednice_-06.02.2026-1.mp4\">\n                    <video class=\"vm-hover-video\" muted playsinline preload=\"none\"><\/video>\n                  <\/div><div class=\"vm-play-overlay\"><div class=\"vm-play-btn\"><div class=\"vm-play-triangle\"><\/div><\/div><\/div><\/div>\n                <div class=\"vm-card-info\">\n                    <div class=\"vm-card-meta-top\">\n                        <span class=\"vm-card-date\" title=\"28.07.2026\">28.07.2026<\/span>\n                        <span class=\"vm-view-count\" data-id=\"727\">0<\/span>\n                    <\/div>\n                    <h3 class=\"vm-card-title\">Televizija Zapad &#8211; Zapadna strana &#8211; Projekt &#8220;U zagrljaju zajednice&#8221; 06.02.2026.<\/h3>\n                    <span class=\"vm-card-cat\">GRAD ZAPRE\u0160I\u0106<\/span>\n                <\/div>\n            <\/div><div class=\"vm-video-card\" data-post-id=\"724\" data-video=\"https:\/\/video.zapad.tv\/wp-content\/uploads\/2026\/07\/Televizija-Zapad-Zapadna-strana-Projekt-_U-zagrljaju-zajednice_-06.02.2026.mp4\" tabindex=\"0\" role=\"button\">\n                <div class=\"vm-thumb-wrap\"><img loading=\"lazy\" decoding=\"async\" width=\"300\" height=\"169\" src=\"https:\/\/video.zapad.tv\/wp-content\/uploads\/2026\/07\/vm-thumb-724-1785232253-300x169.jpg\" class=\"vm-thumb-img wp-post-image\" alt=\"\" srcset=\"https:\/\/video.zapad.tv\/wp-content\/uploads\/2026\/07\/vm-thumb-724-1785232253-300x169.jpg 300w, https:\/\/video.zapad.tv\/wp-content\/uploads\/2026\/07\/vm-thumb-724-1785232253.jpg 640w\" sizes=\"(max-width: 300px) 100vw, 300px\" \/><div class=\"vm-hover-preview\" data-src=\"https:\/\/video.zapad.tv\/wp-content\/uploads\/2026\/07\/Televizija-Zapad-Zapadna-strana-Projekt-_U-zagrljaju-zajednice_-06.02.2026.mp4\">\n                    <video class=\"vm-hover-video\" muted playsinline preload=\"none\"><\/video>\n                  <\/div><div class=\"vm-play-overlay\"><div class=\"vm-play-btn\"><div class=\"vm-play-triangle\"><\/div><\/div><\/div><\/div>\n                <div class=\"vm-card-info\">\n                    <div class=\"vm-card-meta-top\">\n                        <span class=\"vm-card-date\" title=\"28.07.2026\">28.07.2026<\/span>\n                        <span class=\"vm-view-count\" data-id=\"724\">0<\/span>\n                    <\/div>\n                    <h3 class=\"vm-card-title\">Televizija Zapad &#8211; Zapadna strana &#8211; Projekt &#8220;U zagrljaju zajednice&#8221; 06.02.2026.<\/h3>\n                    <span class=\"vm-card-cat\">GRAD ZAPRE\u0160I\u0106<\/span>\n                <\/div>\n            <\/div><div class=\"vm-video-card\" data-post-id=\"721\" data-video=\"https:\/\/video.zapad.tv\/wp-content\/uploads\/2026\/07\/Gradonacelnik-Zeljko-Turk-o-planovima-za-2026.mp4\" tabindex=\"0\" role=\"button\">\n                <div class=\"vm-thumb-wrap\"><img loading=\"lazy\" decoding=\"async\" width=\"300\" height=\"169\" src=\"https:\/\/video.zapad.tv\/wp-content\/uploads\/2026\/07\/vm-thumb-721-1785232193-300x169.jpg\" class=\"vm-thumb-img wp-post-image\" alt=\"\" srcset=\"https:\/\/video.zapad.tv\/wp-content\/uploads\/2026\/07\/vm-thumb-721-1785232193-300x169.jpg 300w, https:\/\/video.zapad.tv\/wp-content\/uploads\/2026\/07\/vm-thumb-721-1785232193.jpg 640w\" sizes=\"(max-width: 300px) 100vw, 300px\" \/><div class=\"vm-hover-preview\" data-src=\"https:\/\/video.zapad.tv\/wp-content\/uploads\/2026\/07\/Gradonacelnik-Zeljko-Turk-o-planovima-za-2026.mp4\">\n                    <video class=\"vm-hover-video\" muted playsinline preload=\"none\"><\/video>\n                  <\/div><div class=\"vm-play-overlay\"><div class=\"vm-play-btn\"><div class=\"vm-play-triangle\"><\/div><\/div><\/div><\/div>\n                <div class=\"vm-card-info\">\n                    <div class=\"vm-card-meta-top\">\n                        <span class=\"vm-card-date\" title=\"28.07.2026\">28.07.2026<\/span>\n                        <span class=\"vm-view-count\" data-id=\"721\">0<\/span>\n                    <\/div>\n                    <h3 class=\"vm-card-title\">Gradona\u010delnik \u017deljko Turk o planovima za 2026.<\/h3>\n                    <span class=\"vm-card-cat\">GRAD ZAPRE\u0160I\u0106<\/span>\n                <\/div>\n            <\/div><div class=\"vm-video-card\" data-post-id=\"718\" data-video=\"https:\/\/video.zapad.tv\/wp-content\/uploads\/2026\/07\/Zapresicki-umirovljenici-tradicionalno-docekali-Novu.mp4\" tabindex=\"0\" role=\"button\">\n                <div class=\"vm-thumb-wrap\"><img loading=\"lazy\" decoding=\"async\" width=\"300\" height=\"169\" src=\"https:\/\/video.zapad.tv\/wp-content\/uploads\/2026\/07\/vm-thumb-718-1785232123-300x169.jpg\" class=\"vm-thumb-img wp-post-image\" alt=\"\" srcset=\"https:\/\/video.zapad.tv\/wp-content\/uploads\/2026\/07\/vm-thumb-718-1785232123-300x169.jpg 300w, https:\/\/video.zapad.tv\/wp-content\/uploads\/2026\/07\/vm-thumb-718-1785232123.jpg 640w\" sizes=\"(max-width: 300px) 100vw, 300px\" \/><div class=\"vm-hover-preview\" data-src=\"https:\/\/video.zapad.tv\/wp-content\/uploads\/2026\/07\/Zapresicki-umirovljenici-tradicionalno-docekali-Novu.mp4\">\n                    <video class=\"vm-hover-video\" muted playsinline preload=\"none\"><\/video>\n                  <\/div><div class=\"vm-play-overlay\"><div class=\"vm-play-btn\"><div class=\"vm-play-triangle\"><\/div><\/div><\/div><\/div>\n                <div class=\"vm-card-info\">\n                    <div class=\"vm-card-meta-top\">\n                        <span class=\"vm-card-date\" title=\"28.07.2026\">28.07.2026<\/span>\n                        <span class=\"vm-view-count\" data-id=\"718\">0<\/span>\n                    <\/div>\n                    <h3 class=\"vm-card-title\">Zapre\u0161i\u0107ki umirovljenici tradicionalno do\u010dekali Novu<\/h3>\n                    <span class=\"vm-card-cat\">GRAD ZAPRE\u0160I\u0106<\/span>\n                <\/div>\n            <\/div><div class=\"vm-video-card\" data-post-id=\"715\" data-video=\"https:\/\/video.zapad.tv\/wp-content\/uploads\/2026\/07\/Skupna-izlozba-\u201eRezonantne-strukture-1.mp4\" tabindex=\"0\" role=\"button\">\n                <div class=\"vm-thumb-wrap\"><img loading=\"lazy\" decoding=\"async\" width=\"300\" height=\"169\" src=\"https:\/\/video.zapad.tv\/wp-content\/uploads\/2026\/07\/vm-thumb-715-1785231716-300x169.jpg\" class=\"vm-thumb-img wp-post-image\" alt=\"\" srcset=\"https:\/\/video.zapad.tv\/wp-content\/uploads\/2026\/07\/vm-thumb-715-1785231716-300x169.jpg 300w, https:\/\/video.zapad.tv\/wp-content\/uploads\/2026\/07\/vm-thumb-715-1785231716.jpg 640w\" sizes=\"(max-width: 300px) 100vw, 300px\" \/><div class=\"vm-hover-preview\" data-src=\"https:\/\/video.zapad.tv\/wp-content\/uploads\/2026\/07\/Skupna-izlozba-\u201eRezonantne-strukture-1.mp4\">\n                    <video class=\"vm-hover-video\" muted playsinline preload=\"none\"><\/video>\n                  <\/div><div class=\"vm-play-overlay\"><div class=\"vm-play-btn\"><div class=\"vm-play-triangle\"><\/div><\/div><\/div><\/div>\n                <div class=\"vm-card-info\">\n                    <div class=\"vm-card-meta-top\">\n                        <span class=\"vm-card-date\" title=\"28.07.2026\">28.07.2026<\/span>\n                        <span class=\"vm-view-count\" data-id=\"715\">0<\/span>\n                    <\/div>\n                    <h3 class=\"vm-card-title\">Skupna izlo\u017eba \u201eRezonantne strukture\u201c<\/h3>\n                    <span class=\"vm-card-cat\">GRAD ZAPRE\u0160I\u0106<\/span>\n                <\/div>\n            <\/div><div class=\"vm-video-card\" data-post-id=\"712\" data-video=\"https:\/\/video.zapad.tv\/wp-content\/uploads\/2026\/07\/Projekt-gradskog-bazena-u-Zapresicu.mp4\" tabindex=\"0\" role=\"button\">\n                <div class=\"vm-thumb-wrap\"><img loading=\"lazy\" decoding=\"async\" width=\"300\" height=\"169\" src=\"https:\/\/video.zapad.tv\/wp-content\/uploads\/2026\/07\/vm-thumb-712-1785231637-300x169.jpg\" class=\"vm-thumb-img wp-post-image\" alt=\"\" srcset=\"https:\/\/video.zapad.tv\/wp-content\/uploads\/2026\/07\/vm-thumb-712-1785231637-300x169.jpg 300w, https:\/\/video.zapad.tv\/wp-content\/uploads\/2026\/07\/vm-thumb-712-1785231637.jpg 640w\" sizes=\"(max-width: 300px) 100vw, 300px\" \/><div class=\"vm-hover-preview\" data-src=\"https:\/\/video.zapad.tv\/wp-content\/uploads\/2026\/07\/Projekt-gradskog-bazena-u-Zapresicu.mp4\">\n                    <video class=\"vm-hover-video\" muted playsinline preload=\"none\"><\/video>\n                  <\/div><div class=\"vm-play-overlay\"><div class=\"vm-play-btn\"><div class=\"vm-play-triangle\"><\/div><\/div><\/div><\/div>\n                <div class=\"vm-card-info\">\n                    <div class=\"vm-card-meta-top\">\n                        <span class=\"vm-card-date\" title=\"28.07.2026\">28.07.2026<\/span>\n                        <span class=\"vm-view-count\" data-id=\"712\">0<\/span>\n                    <\/div>\n                    <h3 class=\"vm-card-title\">Projekt gradskog bazena u Zapre\u0161i\u0107u<\/h3>\n                    <span class=\"vm-card-cat\">GRAD ZAPRE\u0160I\u0106<\/span>\n                <\/div>\n            <\/div><div class=\"vm-video-card\" data-post-id=\"709\" data-video=\"https:\/\/video.zapad.tv\/wp-content\/uploads\/2026\/07\/Novi-objekt-povrsine-preko-500-kvadrata.mp4\" tabindex=\"0\" role=\"button\">\n                <div class=\"vm-thumb-wrap\"><img loading=\"lazy\" decoding=\"async\" width=\"300\" height=\"169\" src=\"https:\/\/video.zapad.tv\/wp-content\/uploads\/2026\/07\/vm-thumb-709-1785231546-300x169.jpg\" class=\"vm-thumb-img wp-post-image\" alt=\"\" srcset=\"https:\/\/video.zapad.tv\/wp-content\/uploads\/2026\/07\/vm-thumb-709-1785231546-300x169.jpg 300w, https:\/\/video.zapad.tv\/wp-content\/uploads\/2026\/07\/vm-thumb-709-1785231546.jpg 640w\" sizes=\"(max-width: 300px) 100vw, 300px\" \/><div class=\"vm-hover-preview\" data-src=\"https:\/\/video.zapad.tv\/wp-content\/uploads\/2026\/07\/Novi-objekt-povrsine-preko-500-kvadrata.mp4\">\n                    <video class=\"vm-hover-video\" muted playsinline preload=\"none\"><\/video>\n                  <\/div><div class=\"vm-play-overlay\"><div class=\"vm-play-btn\"><div class=\"vm-play-triangle\"><\/div><\/div><\/div><\/div>\n                <div class=\"vm-card-info\">\n                    <div class=\"vm-card-meta-top\">\n                        <span class=\"vm-card-date\" title=\"28.07.2026\">28.07.2026<\/span>\n                        <span class=\"vm-view-count\" data-id=\"709\">0<\/span>\n                    <\/div>\n                    <h3 class=\"vm-card-title\">Novi objekt povr\u0161ine preko 500 kvadrata<\/h3>\n                    <span class=\"vm-card-cat\">GRAD ZAPRE\u0160I\u0106<\/span>\n                <\/div>\n            <\/div><div class=\"vm-video-card\" data-post-id=\"706\" data-video=\"https:\/\/video.zapad.tv\/wp-content\/uploads\/2026\/07\/Televizija-Zapad-Okom-objektiva-Izlozba-idejnih-rjesenja-za-gradske-bazene-u-Zapresicu-27.01.2026.mp4\" tabindex=\"0\" role=\"button\">\n                <div class=\"vm-thumb-wrap\"><img loading=\"lazy\" decoding=\"async\" width=\"300\" height=\"169\" src=\"https:\/\/video.zapad.tv\/wp-content\/uploads\/2026\/07\/vm-thumb-706-1785231498-300x169.jpg\" class=\"vm-thumb-img wp-post-image\" alt=\"\" srcset=\"https:\/\/video.zapad.tv\/wp-content\/uploads\/2026\/07\/vm-thumb-706-1785231498-300x169.jpg 300w, https:\/\/video.zapad.tv\/wp-content\/uploads\/2026\/07\/vm-thumb-706-1785231498.jpg 640w\" sizes=\"(max-width: 300px) 100vw, 300px\" \/><div class=\"vm-hover-preview\" data-src=\"https:\/\/video.zapad.tv\/wp-content\/uploads\/2026\/07\/Televizija-Zapad-Okom-objektiva-Izlozba-idejnih-rjesenja-za-gradske-bazene-u-Zapresicu-27.01.2026.mp4\">\n                    <video class=\"vm-hover-video\" muted playsinline preload=\"none\"><\/video>\n                  <\/div><div class=\"vm-play-overlay\"><div class=\"vm-play-btn\"><div class=\"vm-play-triangle\"><\/div><\/div><\/div><\/div>\n                <div class=\"vm-card-info\">\n                    <div class=\"vm-card-meta-top\">\n                        <span class=\"vm-card-date\" title=\"28.07.2026\">28.07.2026<\/span>\n                        <span class=\"vm-view-count\" data-id=\"706\">0<\/span>\n                    <\/div>\n                    <h3 class=\"vm-card-title\">Televizija Zapad-Okom objektiva &#8211; Izlo\u017eba idejnih rje\u0161enja za gradske bazene u Zapre\u0161i\u0107u 27.01.2026.<\/h3>\n                    <span class=\"vm-card-cat\">GRAD ZAPRE\u0160I\u0106<\/span>\n                <\/div>\n            <\/div><div class=\"vm-video-card\" data-post-id=\"703\" data-video=\"https:\/\/video.zapad.tv\/wp-content\/uploads\/2026\/07\/Zagrebacka-zupanija-financirala-obnovu-suda-u-Zapresicu.mp4\" tabindex=\"0\" role=\"button\">\n                <div class=\"vm-thumb-wrap\"><img loading=\"lazy\" decoding=\"async\" width=\"300\" height=\"169\" src=\"https:\/\/video.zapad.tv\/wp-content\/uploads\/2026\/07\/vm-thumb-703-1785231289-300x169.jpg\" class=\"vm-thumb-img wp-post-image\" alt=\"\" srcset=\"https:\/\/video.zapad.tv\/wp-content\/uploads\/2026\/07\/vm-thumb-703-1785231289-300x169.jpg 300w, https:\/\/video.zapad.tv\/wp-content\/uploads\/2026\/07\/vm-thumb-703-1785231289.jpg 640w\" sizes=\"(max-width: 300px) 100vw, 300px\" \/><div class=\"vm-hover-preview\" data-src=\"https:\/\/video.zapad.tv\/wp-content\/uploads\/2026\/07\/Zagrebacka-zupanija-financirala-obnovu-suda-u-Zapresicu.mp4\">\n                    <video class=\"vm-hover-video\" muted playsinline preload=\"none\"><\/video>\n                  <\/div><div class=\"vm-play-overlay\"><div class=\"vm-play-btn\"><div class=\"vm-play-triangle\"><\/div><\/div><\/div><\/div>\n                <div class=\"vm-card-info\">\n                    <div class=\"vm-card-meta-top\">\n                        <span class=\"vm-card-date\" title=\"28.07.2026\">28.07.2026<\/span>\n                        <span class=\"vm-view-count\" data-id=\"703\">0<\/span>\n                    <\/div>\n                    <h3 class=\"vm-card-title\">Zagreba\u010dka \u017eupanija financirala obnovu suda u Zapre\u0161i\u0107u<\/h3>\n                    <span class=\"vm-card-cat\">GRAD ZAPRE\u0160I\u0106<\/span>\n                <\/div>\n            <\/div><div class=\"vm-video-card\" data-post-id=\"700\" data-video=\"https:\/\/video.zapad.tv\/wp-content\/uploads\/2026\/07\/Televizija-Zapad-Okom-objektiva-Otvorenje-obnovljene-zgrade-javne-namjene-u-Zapresicu-22.01.2026.mp4\" tabindex=\"0\" role=\"button\">\n                <div class=\"vm-thumb-wrap\"><img loading=\"lazy\" decoding=\"async\" width=\"300\" height=\"169\" src=\"https:\/\/video.zapad.tv\/wp-content\/uploads\/2026\/07\/vm-thumb-700-1785231238-300x169.jpg\" class=\"vm-thumb-img wp-post-image\" alt=\"\" srcset=\"https:\/\/video.zapad.tv\/wp-content\/uploads\/2026\/07\/vm-thumb-700-1785231238-300x169.jpg 300w, https:\/\/video.zapad.tv\/wp-content\/uploads\/2026\/07\/vm-thumb-700-1785231238.jpg 640w\" sizes=\"(max-width: 300px) 100vw, 300px\" \/><div class=\"vm-hover-preview\" data-src=\"https:\/\/video.zapad.tv\/wp-content\/uploads\/2026\/07\/Televizija-Zapad-Okom-objektiva-Otvorenje-obnovljene-zgrade-javne-namjene-u-Zapresicu-22.01.2026.mp4\">\n                    <video class=\"vm-hover-video\" muted playsinline preload=\"none\"><\/video>\n                  <\/div><div class=\"vm-play-overlay\"><div class=\"vm-play-btn\"><div class=\"vm-play-triangle\"><\/div><\/div><\/div><\/div>\n                <div class=\"vm-card-info\">\n                    <div class=\"vm-card-meta-top\">\n                        <span class=\"vm-card-date\" title=\"28.07.2026\">28.07.2026<\/span>\n                        <span class=\"vm-view-count\" data-id=\"700\">0<\/span>\n                    <\/div>\n                    <h3 class=\"vm-card-title\">Televizija Zapad-Okom objektiva Otvorenje obnovljene zgrade javne namjene u Zapre\u0161i\u0107u 22.01.2026.<\/h3>\n                    <span class=\"vm-card-cat\">GRAD ZAPRE\u0160I\u0106<\/span>\n                <\/div>\n            <\/div><div class=\"vm-video-card\" data-post-id=\"697\" data-video=\"https:\/\/video.zapad.tv\/wp-content\/uploads\/2026\/07\/Ministar-Bozinovic-o-valu-internetskog-kriminala.mp4\" tabindex=\"0\" role=\"button\">\n                <div class=\"vm-thumb-wrap\"><img loading=\"lazy\" decoding=\"async\" width=\"300\" height=\"169\" src=\"https:\/\/video.zapad.tv\/wp-content\/uploads\/2026\/07\/vm-thumb-697-1785230087-300x169.jpg\" class=\"vm-thumb-img wp-post-image\" alt=\"\" srcset=\"https:\/\/video.zapad.tv\/wp-content\/uploads\/2026\/07\/vm-thumb-697-1785230087-300x169.jpg 300w, https:\/\/video.zapad.tv\/wp-content\/uploads\/2026\/07\/vm-thumb-697-1785230087.jpg 640w\" sizes=\"(max-width: 300px) 100vw, 300px\" \/><div class=\"vm-hover-preview\" data-src=\"https:\/\/video.zapad.tv\/wp-content\/uploads\/2026\/07\/Ministar-Bozinovic-o-valu-internetskog-kriminala.mp4\">\n                    <video class=\"vm-hover-video\" muted playsinline preload=\"none\"><\/video>\n                  <\/div><div class=\"vm-play-overlay\"><div class=\"vm-play-btn\"><div class=\"vm-play-triangle\"><\/div><\/div><\/div><\/div>\n                <div class=\"vm-card-info\">\n                    <div class=\"vm-card-meta-top\">\n                        <span class=\"vm-card-date\" title=\"28.07.2026\">28.07.2026<\/span>\n                        <span class=\"vm-view-count\" data-id=\"697\">0<\/span>\n                    <\/div>\n                    <h3 class=\"vm-card-title\">Ministar Bo\u017einovi\u0107 o valu internetskog kriminala<\/h3>\n                    <span class=\"vm-card-cat\">GRAD ZAPRE\u0160I\u0106<\/span>\n                <\/div>\n            <\/div><div class=\"vm-video-card\" data-post-id=\"694\" data-video=\"https:\/\/video.zapad.tv\/wp-content\/uploads\/2026\/07\/Zeljko-Turk-o-povijesti-suda-u-Zapresicu.mp4\" tabindex=\"0\" role=\"button\">\n                <div class=\"vm-thumb-wrap\"><img loading=\"lazy\" decoding=\"async\" width=\"300\" height=\"169\" src=\"https:\/\/video.zapad.tv\/wp-content\/uploads\/2026\/07\/vm-thumb-694-1785229864-300x169.jpg\" class=\"vm-thumb-img wp-post-image\" alt=\"\" srcset=\"https:\/\/video.zapad.tv\/wp-content\/uploads\/2026\/07\/vm-thumb-694-1785229864-300x169.jpg 300w, https:\/\/video.zapad.tv\/wp-content\/uploads\/2026\/07\/vm-thumb-694-1785229864.jpg 640w\" sizes=\"(max-width: 300px) 100vw, 300px\" \/><div class=\"vm-hover-preview\" data-src=\"https:\/\/video.zapad.tv\/wp-content\/uploads\/2026\/07\/Zeljko-Turk-o-povijesti-suda-u-Zapresicu.mp4\">\n                    <video class=\"vm-hover-video\" muted playsinline preload=\"none\"><\/video>\n                  <\/div><div class=\"vm-play-overlay\"><div class=\"vm-play-btn\"><div class=\"vm-play-triangle\"><\/div><\/div><\/div><\/div>\n                <div class=\"vm-card-info\">\n                    <div class=\"vm-card-meta-top\">\n                        <span class=\"vm-card-date\" title=\"28.07.2026\">28.07.2026<\/span>\n                        <span class=\"vm-view-count\" data-id=\"694\">0<\/span>\n                    <\/div>\n                    <h3 class=\"vm-card-title\">\u017deljko Turk o povijesti suda u Zapre\u0161i\u0107u<\/h3>\n                    <span class=\"vm-card-cat\">GRAD ZAPRE\u0160I\u0106<\/span>\n                <\/div>\n            <\/div><div class=\"vm-video-card\" data-post-id=\"691\" data-video=\"https:\/\/video.zapad.tv\/wp-content\/uploads\/2026\/07\/Televizija-Zapad-Zapadna-strana-Kajkavska-vecer-u-Zapresicu-21.01.2026.mp4\" tabindex=\"0\" role=\"button\">\n                <div class=\"vm-thumb-wrap\"><img loading=\"lazy\" decoding=\"async\" width=\"300\" height=\"169\" src=\"https:\/\/video.zapad.tv\/wp-content\/uploads\/2026\/07\/vm-thumb-691-1785229708-300x169.jpg\" class=\"vm-thumb-img wp-post-image\" alt=\"\" srcset=\"https:\/\/video.zapad.tv\/wp-content\/uploads\/2026\/07\/vm-thumb-691-1785229708-300x169.jpg 300w, https:\/\/video.zapad.tv\/wp-content\/uploads\/2026\/07\/vm-thumb-691-1785229708.jpg 640w\" sizes=\"(max-width: 300px) 100vw, 300px\" \/><div class=\"vm-hover-preview\" data-src=\"https:\/\/video.zapad.tv\/wp-content\/uploads\/2026\/07\/Televizija-Zapad-Zapadna-strana-Kajkavska-vecer-u-Zapresicu-21.01.2026.mp4\">\n                    <video class=\"vm-hover-video\" muted playsinline preload=\"none\"><\/video>\n                  <\/div><div class=\"vm-play-overlay\"><div class=\"vm-play-btn\"><div class=\"vm-play-triangle\"><\/div><\/div><\/div><\/div>\n                <div class=\"vm-card-info\">\n                    <div class=\"vm-card-meta-top\">\n                        <span class=\"vm-card-date\" title=\"28.07.2026\">28.07.2026<\/span>\n                        <span class=\"vm-view-count\" data-id=\"691\">0<\/span>\n                    <\/div>\n                    <h3 class=\"vm-card-title\">Televizija Zapad &#8211; Zapadna strana &#8211; Kajkavska ve\u010der u Zapre\u0161i\u0107u 21.01.2026.<\/h3>\n                    <span class=\"vm-card-cat\">GRAD ZAPRE\u0160I\u0106<\/span>\n                <\/div>\n            <\/div><div class=\"vm-video-card\" data-post-id=\"688\" data-video=\"https:\/\/video.zapad.tv\/wp-content\/uploads\/2026\/07\/Vencek-kaja-zapresickog-kraja.mp4\" tabindex=\"0\" role=\"button\">\n                <div class=\"vm-thumb-wrap\"><img loading=\"lazy\" decoding=\"async\" width=\"300\" height=\"169\" src=\"https:\/\/video.zapad.tv\/wp-content\/uploads\/2026\/07\/vm-thumb-688-1785229652-300x169.jpg\" class=\"vm-thumb-img wp-post-image\" alt=\"\" srcset=\"https:\/\/video.zapad.tv\/wp-content\/uploads\/2026\/07\/vm-thumb-688-1785229652-300x169.jpg 300w, https:\/\/video.zapad.tv\/wp-content\/uploads\/2026\/07\/vm-thumb-688-1785229652.jpg 640w\" sizes=\"(max-width: 300px) 100vw, 300px\" \/><div class=\"vm-hover-preview\" data-src=\"https:\/\/video.zapad.tv\/wp-content\/uploads\/2026\/07\/Vencek-kaja-zapresickog-kraja.mp4\">\n                    <video class=\"vm-hover-video\" muted playsinline preload=\"none\"><\/video>\n                  <\/div><div class=\"vm-play-overlay\"><div class=\"vm-play-btn\"><div class=\"vm-play-triangle\"><\/div><\/div><\/div><\/div>\n                <div class=\"vm-card-info\">\n                    <div class=\"vm-card-meta-top\">\n                        <span class=\"vm-card-date\" title=\"28.07.2026\">28.07.2026<\/span>\n                        <span class=\"vm-view-count\" data-id=\"688\">0<\/span>\n                    <\/div>\n                    <h3 class=\"vm-card-title\">Ven\u010dek kaja zapre\u0161i\u0107kog kraja<\/h3>\n                    <span class=\"vm-card-cat\">GRAD ZAPRE\u0160I\u0106<\/span>\n                <\/div>\n            <\/div><\/div><div class=\"vm-frontend-pagination\">\n            <div class=\"vm-pagination-line\"><\/div>\n            <div class=\"vm-page-info\">Stranica 1 od 12<\/div>\n            <div class=\"vm-page-buttons\"><a href=\"\/index.php\/wp-json\/wp\/v2\/pages\/6?vpage=1\" class=\"vm-page-num active\">1<\/a><a href=\"\/index.php\/wp-json\/wp\/v2\/pages\/6?vpage=2\" class=\"vm-page-num\">2<\/a><a href=\"\/index.php\/wp-json\/wp\/v2\/pages\/6?vpage=3\" class=\"vm-page-num\">3<\/a><span class=\"vm-page-ellipsis\">&hellip;<\/span><a href=\"\/index.php\/wp-json\/wp\/v2\/pages\/6?vpage=12\" class=\"vm-page-num\">12<\/a><a href=\"\/index.php\/wp-json\/wp\/v2\/pages\/6?vpage=2\" class=\"vm-page-nav\">Sljede\u0107a &#8594;<\/a><\/div><\/div><\/div><div class=\"vm-modal-overlay\" id=\"vmModal\">\n        <div class=\"vm-modal-box\">\n            <div class=\"vm-modal-strip\"><div class=\"vm-modal-strip-hole\"><\/div><div class=\"vm-modal-strip-hole\"><\/div><div class=\"vm-modal-strip-hole\"><\/div><div class=\"vm-modal-strip-hole\"><\/div><div class=\"vm-modal-strip-hole\"><\/div><div class=\"vm-modal-strip-hole\"><\/div><div class=\"vm-modal-strip-hole\"><\/div><div class=\"vm-modal-strip-hole\"><\/div><div class=\"vm-modal-strip-hole\"><\/div><div class=\"vm-modal-strip-hole\"><\/div><div class=\"vm-modal-strip-hole\"><\/div><div class=\"vm-modal-strip-hole\"><\/div><div class=\"vm-modal-strip-hole\"><\/div><div class=\"vm-modal-strip-hole\"><\/div><div class=\"vm-modal-strip-hole\"><\/div><div class=\"vm-modal-strip-hole\"><\/div><div class=\"vm-modal-strip-hole\"><\/div><div class=\"vm-modal-strip-hole\"><\/div><\/div>\n            <video class=\"vm-modal-video\" id=\"vmModalVideo\" controls playsinline><\/video>\n            <div class=\"vm-modal-footer\">\n                <div class=\"vm-modal-title\" id=\"vmModalTitle\"><\/div>\n                <div class=\"vm-modal-meta\">\n                    <span class=\"vm-modal-views\" id=\"vmModalViews\"><\/span>\n                    <button class=\"vm-modal-share\" id=\"vmModalShare\" title=\"Kopiraj link\">\n                        <svg viewBox=\"0 0 20 20\" fill=\"none\" stroke=\"currentColor\" stroke-width=\"1.5\" width=\"16\" height=\"16\"><circle cx=\"15\" cy=\"5\" r=\"2\"\/><circle cx=\"5\" cy=\"10\" r=\"2\"\/><circle cx=\"15\" cy=\"15\" r=\"2\"\/><path d=\"M7 9l6-3M7 11l6 3\" stroke-linecap=\"round\"\/><\/svg>\n                    <\/button>\n                    <button class=\"vm-modal-close\" id=\"vmModalClose\">&#10005;<\/button>\n                <\/div>\n            <\/div>\n        <\/div>\n    <\/div><\/div>\n","protected":false},"excerpt":{"rendered":"","protected":false},"author":1,"featured_media":0,"parent":0,"menu_order":0,"comment_status":"closed","ping_status":"closed","template":"","meta":{"footnotes":""},"class_list":["post-6","page","type-page","status-publish","hentry"],"_links":{"self":[{"href":"https:\/\/video.zapad.tv\/index.php\/wp-json\/wp\/v2\/pages\/6","targetHints":{"allow":["GET"]}}],"collection":[{"href":"https:\/\/video.zapad.tv\/index.php\/wp-json\/wp\/v2\/pages"}],"about":[{"href":"https:\/\/video.zapad.tv\/index.php\/wp-json\/wp\/v2\/types\/page"}],"author":[{"embeddable":true,"href":"https:\/\/video.zapad.tv\/index.php\/wp-json\/wp\/v2\/users\/1"}],"replies":[{"embeddable":true,"href":"https:\/\/video.zapad.tv\/index.php\/wp-json\/wp\/v2\/comments?post=6"}],"version-history":[{"count":1,"href":"https:\/\/video.zapad.tv\/index.php\/wp-json\/wp\/v2\/pages\/6\/revisions"}],"predecessor-version":[{"id":19,"href":"https:\/\/video.zapad.tv\/index.php\/wp-json\/wp\/v2\/pages\/6\/revisions\/19"}],"wp:attachment":[{"href":"https:\/\/video.zapad.tv\/index.php\/wp-json\/wp\/v2\/media?parent=6"}],"curies":[{"name":"wp","href":"https:\/\/api.w.org\/{rel}","templated":true}]}}